{"id":8264,"date":"2026-09-02T09:57:47","date_gmt":"2026-09-02T09:57:47","guid":{"rendered":"https:\/\/yourplastics.es\/portfolio-items\/playa-sanxenxo-pasarela-color-beige\/"},"modified":"2026-09-02T10:49:56","modified_gmt":"2026-09-02T10:49:56","slug":"rampa-acces-platja-sanxenxo-plastic-reciclat","status":"publish","type":"avada_portfolio","link":"https:\/\/yourplastics.es\/ca\/portfolio-items\/rampa-acces-platja-sanxenxo-plastic-reciclat\/","title":{"rendered":"Rampa d\u2019acc\u00e9s a la platja de Sanxenxo en color beix"},"content":{"rendered":"<p><div class=\"fusion-fullwidth fullwidth-box fusion-builder-row-1 fusion-flex-container has-pattern-background has-mask-background nonhundred-percent-fullwidth non-hundred-percent-height-scrolling\" style=\"--awb-border-radius-top-left:0px;--awb-border-radius-top-right:0px;--awb-border-radius-bottom-right:0px;--awb-border-radius-bottom-left:0px;--awb-flex-wrap:wrap;\" ><div class=\"fusion-builder-row fusion-row fusion-flex-align-items-flex-start fusion-flex-content-wrap\" style=\"max-width:1248px;margin-left: calc(-4% \/ 2 );margin-right: calc(-4% \/ 2 );\"><div class=\"fusion-layout-column fusion_builder_column fusion-builder-column-0 fusion_builder_column_1_1 1_1 fusion-flex-column\" style=\"--awb-bg-size:cover;--awb-width-large:100%;--awb-margin-top-large:0px;--awb-spacing-right-large:1.92%;--awb-margin-bottom-large:20px;--awb-spacing-left-large:1.92%;--awb-width-medium:100%;--awb-order-medium:0;--awb-spacing-right-medium:1.92%;--awb-spacing-left-medium:1.92%;--awb-width-small:100%;--awb-order-small:0;--awb-spacing-right-small:1.92%;--awb-spacing-left-small:1.92%;\"><div class=\"fusion-column-wrapper fusion-column-has-shadow fusion-flex-justify-content-flex-start fusion-content-layout-column\"><div class=\"fusion-image-carousel fusion-image-carousel-auto fusion-image-carousel-1 lightbox-enabled fusion-carousel-border\"><div class=\"awb-carousel awb-swiper awb-swiper-carousel\" data-autoplay=\"yes\" data-columns=\"2\" data-itemmargin=\"13\" data-itemwidth=\"180\" data-touchscroll=\"no\" data-imagesize=\"auto\" style=\"--awb-columns:2;\"><div class=\"swiper-wrapper awb-image-carousel-wrapper fusion-flex-align-items-center\"><div class=\"swiper-slide\"><div class=\"fusion-carousel-item-wrapper\"><div class=\"fusion-image-wrapper hover-type-zoomin\"><a data-rel=\"iLightbox[image_carousel_1]\" data-title=\"pasarela sanxenxo plastico reciclado color beige vista entrada zoom1\" aria-label=\"pasarela sanxenxo plastico reciclado color beige vista entrada zoom1\" href=\"https:\/\/yourplastics.es\/wp-content\/uploads\/2026\/09\/pasarela-sanxenxo-plastico-reciclado-color-beige-vista-entrada-zoom1-1024x768.jpg\" target=\"_self\"><img decoding=\"async\" width=\"2560\" height=\"1920\" src=\"https:\/\/yourplastics.es\/wp-content\/uploads\/2026\/09\/pasarela-sanxenxo-plastico-reciclado-color-beige-vista-entrada-zoom1-scaled.jpg\" class=\"attachment-full size-full lazyload\" alt=\"Integraci\u00f3n de la pasarela beige en el paseo mar\u00edtimo\" srcset=\"data:image\/svg+xml,%3Csvg%20xmlns%3D%27http%3A%2F%2Fwww.w3.org%2F2000%2Fsvg%27%20width%3D%272560%27%20height%3D%271920%27%20viewBox%3D%270%200%202560%201920%27%3E%3Crect%20width%3D%272560%27%20height%3D%271920%27%20fill-opacity%3D%220%22%2F%3E%3C%2Fsvg%3E\" data-orig-src=\"https:\/\/yourplastics.es\/wp-content\/uploads\/2026\/09\/pasarela-sanxenxo-plastico-reciclado-color-beige-vista-entrada-zoom1-scaled.jpg\" data-srcset=\"https:\/\/yourplastics.es\/wp-content\/uploads\/2026\/09\/pasarela-sanxenxo-plastico-reciclado-color-beige-vista-entrada-zoom1-200x150.jpg 200w, https:\/\/yourplastics.es\/wp-content\/uploads\/2026\/09\/pasarela-sanxenxo-plastico-reciclado-color-beige-vista-entrada-zoom1-400x300.jpg 400w, https:\/\/yourplastics.es\/wp-content\/uploads\/2026\/09\/pasarela-sanxenxo-plastico-reciclado-color-beige-vista-entrada-zoom1-600x450.jpg 600w, https:\/\/yourplastics.es\/wp-content\/uploads\/2026\/09\/pasarela-sanxenxo-plastico-reciclado-color-beige-vista-entrada-zoom1-800x600.jpg 800w, https:\/\/yourplastics.es\/wp-content\/uploads\/2026\/09\/pasarela-sanxenxo-plastico-reciclado-color-beige-vista-entrada-zoom1-1200x900.jpg 1200w, https:\/\/yourplastics.es\/wp-content\/uploads\/2026\/09\/pasarela-sanxenxo-plastico-reciclado-color-beige-vista-entrada-zoom1-scaled.jpg 2560w\" data-sizes=\"auto\" \/><\/a><\/div><\/div><\/div><div class=\"swiper-slide\"><div class=\"fusion-carousel-item-wrapper\"><div class=\"fusion-image-wrapper hover-type-zoomin\"><a data-rel=\"iLightbox[image_carousel_1]\" data-title=\"pasarela sanxenxo plastico reciclado color beige vista entrada isometrica descendente\" aria-label=\"pasarela sanxenxo plastico reciclado color beige vista entrada isometrica descendente\" href=\"https:\/\/yourplastics.es\/wp-content\/uploads\/2026\/09\/pasarela-sanxenxo-plastico-reciclado-color-beige-vista-entrada-isometrica-descendente-1024x769.jpg\" target=\"_self\"><img decoding=\"async\" width=\"2560\" height=\"1922\" src=\"https:\/\/yourplastics.es\/wp-content\/uploads\/2026\/09\/pasarela-sanxenxo-plastico-reciclado-color-beige-vista-entrada-isometrica-descendente-scaled.jpg\" class=\"attachment-full size-full lazyload\" alt=\"Pasarela de pl\u00e1stico reciclado en color beige\" srcset=\"data:image\/svg+xml,%3Csvg%20xmlns%3D%27http%3A%2F%2Fwww.w3.org%2F2000%2Fsvg%27%20width%3D%272560%27%20height%3D%271922%27%20viewBox%3D%270%200%202560%201922%27%3E%3Crect%20width%3D%272560%27%20height%3D%271922%27%20fill-opacity%3D%220%22%2F%3E%3C%2Fsvg%3E\" data-orig-src=\"https:\/\/yourplastics.es\/wp-content\/uploads\/2026\/09\/pasarela-sanxenxo-plastico-reciclado-color-beige-vista-entrada-isometrica-descendente-scaled.jpg\" data-srcset=\"https:\/\/yourplastics.es\/wp-content\/uploads\/2026\/09\/pasarela-sanxenxo-plastico-reciclado-color-beige-vista-entrada-isometrica-descendente-200x150.jpg 200w, https:\/\/yourplastics.es\/wp-content\/uploads\/2026\/09\/pasarela-sanxenxo-plastico-reciclado-color-beige-vista-entrada-isometrica-descendente-400x300.jpg 400w, https:\/\/yourplastics.es\/wp-content\/uploads\/2026\/09\/pasarela-sanxenxo-plastico-reciclado-color-beige-vista-entrada-isometrica-descendente-600x450.jpg 600w, https:\/\/yourplastics.es\/wp-content\/uploads\/2026\/09\/pasarela-sanxenxo-plastico-reciclado-color-beige-vista-entrada-isometrica-descendente-800x601.jpg 800w, https:\/\/yourplastics.es\/wp-content\/uploads\/2026\/09\/pasarela-sanxenxo-plastico-reciclado-color-beige-vista-entrada-isometrica-descendente-1200x901.jpg 1200w, https:\/\/yourplastics.es\/wp-content\/uploads\/2026\/09\/pasarela-sanxenxo-plastico-reciclado-color-beige-vista-entrada-isometrica-descendente-scaled.jpg 2560w\" data-sizes=\"auto\" \/><\/a><\/div><\/div><\/div><div class=\"swiper-slide\"><div class=\"fusion-carousel-item-wrapper\"><div class=\"fusion-image-wrapper hover-type-zoomin\"><a data-rel=\"iLightbox[image_carousel_1]\" data-title=\"pasarela sanxenxo plastico reciclado color beige vista entrada zoom2\" aria-label=\"pasarela sanxenxo plastico reciclado color beige vista entrada zoom2\" href=\"https:\/\/yourplastics.es\/wp-content\/uploads\/2026\/09\/pasarela-sanxenxo-plastico-reciclado-color-beige-vista-entrada-zoom2-1024x768.jpg\" target=\"_self\"><img decoding=\"async\" width=\"2560\" height=\"1920\" src=\"https:\/\/yourplastics.es\/wp-content\/uploads\/2026\/09\/pasarela-sanxenxo-plastico-reciclado-color-beige-vista-entrada-zoom2-scaled.jpg\" class=\"attachment-full size-full lazyload\" alt=\"Tabl\u00f3n estriado de pl\u00e1stico reciclado para playa\" srcset=\"data:image\/svg+xml,%3Csvg%20xmlns%3D%27http%3A%2F%2Fwww.w3.org%2F2000%2Fsvg%27%20width%3D%272560%27%20height%3D%271920%27%20viewBox%3D%270%200%202560%201920%27%3E%3Crect%20width%3D%272560%27%20height%3D%271920%27%20fill-opacity%3D%220%22%2F%3E%3C%2Fsvg%3E\" data-orig-src=\"https:\/\/yourplastics.es\/wp-content\/uploads\/2026\/09\/pasarela-sanxenxo-plastico-reciclado-color-beige-vista-entrada-zoom2-scaled.jpg\" data-srcset=\"https:\/\/yourplastics.es\/wp-content\/uploads\/2026\/09\/pasarela-sanxenxo-plastico-reciclado-color-beige-vista-entrada-zoom2-200x150.jpg 200w, https:\/\/yourplastics.es\/wp-content\/uploads\/2026\/09\/pasarela-sanxenxo-plastico-reciclado-color-beige-vista-entrada-zoom2-400x300.jpg 400w, https:\/\/yourplastics.es\/wp-content\/uploads\/2026\/09\/pasarela-sanxenxo-plastico-reciclado-color-beige-vista-entrada-zoom2-600x450.jpg 600w, https:\/\/yourplastics.es\/wp-content\/uploads\/2026\/09\/pasarela-sanxenxo-plastico-reciclado-color-beige-vista-entrada-zoom2-800x600.jpg 800w, https:\/\/yourplastics.es\/wp-content\/uploads\/2026\/09\/pasarela-sanxenxo-plastico-reciclado-color-beige-vista-entrada-zoom2-1200x900.jpg 1200w, https:\/\/yourplastics.es\/wp-content\/uploads\/2026\/09\/pasarela-sanxenxo-plastico-reciclado-color-beige-vista-entrada-zoom2-scaled.jpg 2560w\" data-sizes=\"auto\" \/><\/a><\/div><\/div><\/div><div class=\"swiper-slide\"><div class=\"fusion-carousel-item-wrapper\"><div class=\"fusion-image-wrapper hover-type-zoomin\"><a data-rel=\"iLightbox[image_carousel_1]\" data-title=\"pasarela sanxenxo plastico reciclado color beige vista entrada descendente\" aria-label=\"pasarela sanxenxo plastico reciclado color beige vista entrada descendente\" href=\"https:\/\/yourplastics.es\/wp-content\/uploads\/2026\/09\/pasarela-sanxenxo-plastico-reciclado-color-beige-vista-entrada-descendente-1024x768.jpg\" target=\"_self\"><img decoding=\"async\" width=\"2560\" height=\"1920\" src=\"https:\/\/yourplastics.es\/wp-content\/uploads\/2026\/09\/pasarela-sanxenxo-plastico-reciclado-color-beige-vista-entrada-descendente-scaled.jpg\" class=\"attachment-full size-full lazyload\" alt=\"Rampa de playa con estructura de acero inoxidable\" srcset=\"data:image\/svg+xml,%3Csvg%20xmlns%3D%27http%3A%2F%2Fwww.w3.org%2F2000%2Fsvg%27%20width%3D%272560%27%20height%3D%271920%27%20viewBox%3D%270%200%202560%201920%27%3E%3Crect%20width%3D%272560%27%20height%3D%271920%27%20fill-opacity%3D%220%22%2F%3E%3C%2Fsvg%3E\" data-orig-src=\"https:\/\/yourplastics.es\/wp-content\/uploads\/2026\/09\/pasarela-sanxenxo-plastico-reciclado-color-beige-vista-entrada-descendente-scaled.jpg\" data-srcset=\"https:\/\/yourplastics.es\/wp-content\/uploads\/2026\/09\/pasarela-sanxenxo-plastico-reciclado-color-beige-vista-entrada-descendente-200x150.jpg 200w, https:\/\/yourplastics.es\/wp-content\/uploads\/2026\/09\/pasarela-sanxenxo-plastico-reciclado-color-beige-vista-entrada-descendente-400x300.jpg 400w, https:\/\/yourplastics.es\/wp-content\/uploads\/2026\/09\/pasarela-sanxenxo-plastico-reciclado-color-beige-vista-entrada-descendente-600x450.jpg 600w, https:\/\/yourplastics.es\/wp-content\/uploads\/2026\/09\/pasarela-sanxenxo-plastico-reciclado-color-beige-vista-entrada-descendente-800x600.jpg 800w, https:\/\/yourplastics.es\/wp-content\/uploads\/2026\/09\/pasarela-sanxenxo-plastico-reciclado-color-beige-vista-entrada-descendente-1200x900.jpg 1200w, https:\/\/yourplastics.es\/wp-content\/uploads\/2026\/09\/pasarela-sanxenxo-plastico-reciclado-color-beige-vista-entrada-descendente-scaled.jpg 2560w\" data-sizes=\"auto\" \/><\/a><\/div><\/div><\/div><div class=\"swiper-slide\"><div class=\"fusion-carousel-item-wrapper\"><div class=\"fusion-image-wrapper hover-type-zoomin\"><a data-rel=\"iLightbox[image_carousel_1]\" data-title=\"pasarela sanxenxo plastico reciclado color beige vista entrada zoom3\" aria-label=\"pasarela sanxenxo plastico reciclado color beige vista entrada zoom3\" href=\"https:\/\/yourplastics.es\/wp-content\/uploads\/2026\/09\/pasarela-sanxenxo-plastico-reciclado-color-beige-vista-entrada-zoom3-1024x768.jpg\" target=\"_self\"><img decoding=\"async\" width=\"2560\" height=\"1920\" src=\"https:\/\/yourplastics.es\/wp-content\/uploads\/2026\/09\/pasarela-sanxenxo-plastico-reciclado-color-beige-vista-entrada-zoom3-scaled.jpg\" class=\"attachment-full size-full lazyload\" alt=\"Nuevo color beige de pl\u00e1stico reciclado Your Plastics\" srcset=\"data:image\/svg+xml,%3Csvg%20xmlns%3D%27http%3A%2F%2Fwww.w3.org%2F2000%2Fsvg%27%20width%3D%272560%27%20height%3D%271920%27%20viewBox%3D%270%200%202560%201920%27%3E%3Crect%20width%3D%272560%27%20height%3D%271920%27%20fill-opacity%3D%220%22%2F%3E%3C%2Fsvg%3E\" data-orig-src=\"https:\/\/yourplastics.es\/wp-content\/uploads\/2026\/09\/pasarela-sanxenxo-plastico-reciclado-color-beige-vista-entrada-zoom3-scaled.jpg\" data-srcset=\"https:\/\/yourplastics.es\/wp-content\/uploads\/2026\/09\/pasarela-sanxenxo-plastico-reciclado-color-beige-vista-entrada-zoom3-200x150.jpg 200w, https:\/\/yourplastics.es\/wp-content\/uploads\/2026\/09\/pasarela-sanxenxo-plastico-reciclado-color-beige-vista-entrada-zoom3-400x300.jpg 400w, https:\/\/yourplastics.es\/wp-content\/uploads\/2026\/09\/pasarela-sanxenxo-plastico-reciclado-color-beige-vista-entrada-zoom3-600x450.jpg 600w, https:\/\/yourplastics.es\/wp-content\/uploads\/2026\/09\/pasarela-sanxenxo-plastico-reciclado-color-beige-vista-entrada-zoom3-800x600.jpg 800w, https:\/\/yourplastics.es\/wp-content\/uploads\/2026\/09\/pasarela-sanxenxo-plastico-reciclado-color-beige-vista-entrada-zoom3-1200x900.jpg 1200w, https:\/\/yourplastics.es\/wp-content\/uploads\/2026\/09\/pasarela-sanxenxo-plastico-reciclado-color-beige-vista-entrada-zoom3-scaled.jpg 2560w\" data-sizes=\"auto\" \/><\/a><\/div><\/div><\/div><div class=\"swiper-slide\"><div class=\"fusion-carousel-item-wrapper\"><div class=\"fusion-image-wrapper hover-type-zoomin\"><a data-rel=\"iLightbox[image_carousel_1]\" data-title=\"pasarela sanxenxo plastico reciclado color beige vista isometrica descendente\" aria-label=\"pasarela sanxenxo plastico reciclado color beige vista isometrica descendente\" href=\"https:\/\/yourplastics.es\/wp-content\/uploads\/2026\/09\/pasarela-sanxenxo-plastico-reciclado-color-beige-vista-isometrica-descendente-1024x768.jpg\" target=\"_self\"><img decoding=\"async\" width=\"2560\" height=\"1920\" src=\"https:\/\/yourplastics.es\/wp-content\/uploads\/2026\/09\/pasarela-sanxenxo-plastico-reciclado-color-beige-vista-isometrica-descendente-scaled.jpg\" class=\"attachment-full size-full lazyload\" alt=\"Acceso a la playa con tablones ranurados de color beige\" srcset=\"data:image\/svg+xml,%3Csvg%20xmlns%3D%27http%3A%2F%2Fwww.w3.org%2F2000%2Fsvg%27%20width%3D%272560%27%20height%3D%271920%27%20viewBox%3D%270%200%202560%201920%27%3E%3Crect%20width%3D%272560%27%20height%3D%271920%27%20fill-opacity%3D%220%22%2F%3E%3C%2Fsvg%3E\" data-orig-src=\"https:\/\/yourplastics.es\/wp-content\/uploads\/2026\/09\/pasarela-sanxenxo-plastico-reciclado-color-beige-vista-isometrica-descendente-scaled.jpg\" data-srcset=\"https:\/\/yourplastics.es\/wp-content\/uploads\/2026\/09\/pasarela-sanxenxo-plastico-reciclado-color-beige-vista-isometrica-descendente-200x150.jpg 200w, https:\/\/yourplastics.es\/wp-content\/uploads\/2026\/09\/pasarela-sanxenxo-plastico-reciclado-color-beige-vista-isometrica-descendente-400x300.jpg 400w, https:\/\/yourplastics.es\/wp-content\/uploads\/2026\/09\/pasarela-sanxenxo-plastico-reciclado-color-beige-vista-isometrica-descendente-600x450.jpg 600w, https:\/\/yourplastics.es\/wp-content\/uploads\/2026\/09\/pasarela-sanxenxo-plastico-reciclado-color-beige-vista-isometrica-descendente-800x600.jpg 800w, https:\/\/yourplastics.es\/wp-content\/uploads\/2026\/09\/pasarela-sanxenxo-plastico-reciclado-color-beige-vista-isometrica-descendente-1200x900.jpg 1200w, https:\/\/yourplastics.es\/wp-content\/uploads\/2026\/09\/pasarela-sanxenxo-plastico-reciclado-color-beige-vista-isometrica-descendente-scaled.jpg 2560w\" data-sizes=\"auto\" \/><\/a><\/div><\/div><\/div><div class=\"swiper-slide\"><div class=\"fusion-carousel-item-wrapper\"><div class=\"fusion-image-wrapper hover-type-zoomin\"><a data-rel=\"iLightbox[image_carousel_1]\" data-title=\"pasarela sanxenxo plastico reciclado color beige vista isometrica ascendente\" aria-label=\"pasarela sanxenxo plastico reciclado color beige vista isometrica ascendente\" href=\"https:\/\/yourplastics.es\/wp-content\/uploads\/2026\/09\/pasarela-sanxenxo-plastico-reciclado-color-beige-vista-isometrica-ascendente-1024x768.jpg\" target=\"_self\"><img decoding=\"async\" width=\"2560\" height=\"1920\" src=\"https:\/\/yourplastics.es\/wp-content\/uploads\/2026\/09\/pasarela-sanxenxo-plastico-reciclado-color-beige-vista-isometrica-ascendente-scaled.jpg\" class=\"attachment-full size-full lazyload\" alt=\"Rampa de acceso a la playa en Sanxenxo\" srcset=\"data:image\/svg+xml,%3Csvg%20xmlns%3D%27http%3A%2F%2Fwww.w3.org%2F2000%2Fsvg%27%20width%3D%272560%27%20height%3D%271920%27%20viewBox%3D%270%200%202560%201920%27%3E%3Crect%20width%3D%272560%27%20height%3D%271920%27%20fill-opacity%3D%220%22%2F%3E%3C%2Fsvg%3E\" data-orig-src=\"https:\/\/yourplastics.es\/wp-content\/uploads\/2026\/09\/pasarela-sanxenxo-plastico-reciclado-color-beige-vista-isometrica-ascendente-scaled.jpg\" data-srcset=\"https:\/\/yourplastics.es\/wp-content\/uploads\/2026\/09\/pasarela-sanxenxo-plastico-reciclado-color-beige-vista-isometrica-ascendente-200x150.jpg 200w, https:\/\/yourplastics.es\/wp-content\/uploads\/2026\/09\/pasarela-sanxenxo-plastico-reciclado-color-beige-vista-isometrica-ascendente-400x300.jpg 400w, https:\/\/yourplastics.es\/wp-content\/uploads\/2026\/09\/pasarela-sanxenxo-plastico-reciclado-color-beige-vista-isometrica-ascendente-600x450.jpg 600w, https:\/\/yourplastics.es\/wp-content\/uploads\/2026\/09\/pasarela-sanxenxo-plastico-reciclado-color-beige-vista-isometrica-ascendente-800x600.jpg 800w, https:\/\/yourplastics.es\/wp-content\/uploads\/2026\/09\/pasarela-sanxenxo-plastico-reciclado-color-beige-vista-isometrica-ascendente-1200x900.jpg 1200w, https:\/\/yourplastics.es\/wp-content\/uploads\/2026\/09\/pasarela-sanxenxo-plastico-reciclado-color-beige-vista-isometrica-ascendente-scaled.jpg 2560w\" data-sizes=\"auto\" \/><\/a><\/div><\/div><\/div><div class=\"swiper-slide\"><div class=\"fusion-carousel-item-wrapper\"><div class=\"fusion-image-wrapper hover-type-zoomin\"><a data-rel=\"iLightbox[image_carousel_1]\" data-title=\"pasarela sanxenxo plastico reciclado color beige vista superior rellano mitad de pasarela\" aria-label=\"pasarela sanxenxo plastico reciclado color beige vista superior rellano mitad de pasarela\" href=\"https:\/\/yourplastics.es\/wp-content\/uploads\/2026\/09\/pasarela-sanxenxo-plastico-reciclado-color-beige-vista-superior-rellano-mitad-de-pasarela-1024x768.jpg\" target=\"_self\"><img decoding=\"async\" width=\"2560\" height=\"1920\" src=\"https:\/\/yourplastics.es\/wp-content\/uploads\/2026\/09\/pasarela-sanxenxo-plastico-reciclado-color-beige-vista-superior-rellano-mitad-de-pasarela-scaled.jpg\" class=\"attachment-full size-full lazyload\" alt=\"Pasarela accesible integrada en el entorno costero de Sanxenxo\" srcset=\"data:image\/svg+xml,%3Csvg%20xmlns%3D%27http%3A%2F%2Fwww.w3.org%2F2000%2Fsvg%27%20width%3D%272560%27%20height%3D%271920%27%20viewBox%3D%270%200%202560%201920%27%3E%3Crect%20width%3D%272560%27%20height%3D%271920%27%20fill-opacity%3D%220%22%2F%3E%3C%2Fsvg%3E\" data-orig-src=\"https:\/\/yourplastics.es\/wp-content\/uploads\/2026\/09\/pasarela-sanxenxo-plastico-reciclado-color-beige-vista-superior-rellano-mitad-de-pasarela-scaled.jpg\" data-srcset=\"https:\/\/yourplastics.es\/wp-content\/uploads\/2026\/09\/pasarela-sanxenxo-plastico-reciclado-color-beige-vista-superior-rellano-mitad-de-pasarela-200x150.jpg 200w, https:\/\/yourplastics.es\/wp-content\/uploads\/2026\/09\/pasarela-sanxenxo-plastico-reciclado-color-beige-vista-superior-rellano-mitad-de-pasarela-400x300.jpg 400w, https:\/\/yourplastics.es\/wp-content\/uploads\/2026\/09\/pasarela-sanxenxo-plastico-reciclado-color-beige-vista-superior-rellano-mitad-de-pasarela-600x450.jpg 600w, https:\/\/yourplastics.es\/wp-content\/uploads\/2026\/09\/pasarela-sanxenxo-plastico-reciclado-color-beige-vista-superior-rellano-mitad-de-pasarela-800x600.jpg 800w, https:\/\/yourplastics.es\/wp-content\/uploads\/2026\/09\/pasarela-sanxenxo-plastico-reciclado-color-beige-vista-superior-rellano-mitad-de-pasarela-1200x900.jpg 1200w, https:\/\/yourplastics.es\/wp-content\/uploads\/2026\/09\/pasarela-sanxenxo-plastico-reciclado-color-beige-vista-superior-rellano-mitad-de-pasarela-scaled.jpg 2560w\" data-sizes=\"auto\" \/><\/a><\/div><\/div><\/div><\/div><div class=\"awb-swiper-button awb-swiper-button-prev\"><i class=\"awb-icon-angle-left\" aria-hidden=\"true\"><\/i><\/div><div class=\"awb-swiper-button awb-swiper-button-next\"><i class=\"awb-icon-angle-right\" aria-hidden=\"true\"><\/i><\/div><\/div><\/div><\/div><\/div><\/div><\/div><div class=\"fusion-fullwidth fullwidth-box fusion-builder-row-2 fusion-flex-container has-pattern-background has-mask-background nonhundred-percent-fullwidth non-hundred-percent-height-scrolling\" style=\"--awb-border-radius-top-left:0px;--awb-border-radius-top-right:0px;--awb-border-radius-bottom-right:0px;--awb-border-radius-bottom-left:0px;--awb-flex-wrap:wrap;\" ><div class=\"fusion-builder-row fusion-row fusion-flex-align-items-flex-start fusion-flex-content-wrap\" style=\"max-width:1248px;margin-left: calc(-4% \/ 2 );margin-right: calc(-4% \/ 2 );\"><div class=\"fusion-layout-column fusion_builder_column fusion-builder-column-1 fusion_builder_column_1_1 1_1 fusion-flex-column\" style=\"--awb-bg-size:cover;--awb-width-large:100%;--awb-margin-top-large:0px;--awb-spacing-right-large:1.92%;--awb-margin-bottom-large:20px;--awb-spacing-left-large:1.92%;--awb-width-medium:100%;--awb-order-medium:0;--awb-spacing-right-medium:1.92%;--awb-spacing-left-medium:1.92%;--awb-width-small:100%;--awb-order-small:0;--awb-spacing-right-small:1.92%;--awb-spacing-left-small:1.92%;\"><div class=\"fusion-column-wrapper fusion-column-has-shadow fusion-flex-justify-content-flex-start fusion-content-layout-column\"><div class=\"fusion-text fusion-text-1\"><h2>Rampa d\u2019acc\u00e9s a la platja de Silgar a Sanxenxo: estrenem el nou color beix<\/h2>\n<p class=\"isSelectedEnd\">A Sanxenxo, a la platja de Silgar, hem instal\u00b7lat aquesta rampa d\u2019acc\u00e9s a la platja, fabricada amb taulons estriats de pl\u00e0stic reciclat en el nostre nou color beix, sobre una estructura amb barana d\u2019acer inoxidable.<\/p>\n<p class=\"isSelectedEnd\">La tonalitat beix ha estat especialment escollida per a espais costaners. El seu acabat clar i natural s\u2019integra perfectament amb el color de la sorra i amb les tonalitats del passeig mar\u00edtim, creant una transici\u00f3 visual molt m\u00e9s suau entre l\u2019entorn urb\u00e0 i la platja. El resultat \u00e9s una instal\u00b7laci\u00f3 funcional i resistent, per\u00f2 amb una pres\u00e8ncia discreta que no trenca l\u2019est\u00e8tica del paisatge.<\/p>\n<p class=\"isSelectedEnd\">L\u2019estriat dels taulons afavoreix l\u2019adher\u00e8ncia i l\u2019evacuaci\u00f3 de l\u2019aigua, mentre que el pl\u00e0stic reciclat ofereix una resposta excel\u00b7lent davant la humitat, la salinitat i l\u2019\u00fas continuat, sense generar estelles i amb unes necessitats de manteniment molt redu\u00efdes.<\/p>\n<p>La combinaci\u00f3 del nou color beix amb l\u2019acer inoxidable aporta lluminositat i una imatge neta i contempor\u00e0nia. Una soluci\u00f3 duradora per millorar l\u2019acc\u00e9s a la platja i, al mateix temps, cuidar la integraci\u00f3 est\u00e8tica de la instal\u00b7laci\u00f3 en un entorn tan especial com el litoral de Sanxenxo.<\/p>\n<\/div><\/div><\/div><\/div><\/div><\/p>\n","protected":false},"excerpt":{"rendered":"","protected":false},"author":1,"featured_media":8255,"menu_order":0,"comment_status":"open","ping_status":"closed","template":"","format":"standard","meta":{"footnotes":""},"portfolio_category":[135],"portfolio_skills":[],"portfolio_tags":[],"class_list":["post-8264","avada_portfolio","type-avada_portfolio","status-publish","format-standard","has-post-thumbnail","hentry","portfolio_category-platjes"],"yoast_head":"<!-- This site is optimized with the Yoast SEO plugin v28.1 - https:\/\/yoast.com\/product\/yoast-seo-wordpress\/ -->\n<title>Rampa d\u2019acc\u00e9s a la platja de Sanxenxo | Your Plastics<\/title>\n<meta name=\"description\" content=\"Rampa d\u2019acc\u00e9s a la platja de Sanxenxo amb taulons estriats de pl\u00e0stic reciclat en el nou color beix i estructura d\u2019acer inoxidable.\" \/>\n<meta name=\"robots\" content=\"index, follow, max-snippet:-1, max-image-preview:large, max-video-preview:-1\" \/>\n<link rel=\"canonical\" href=\"https:\/\/yourplastics.es\/ca\/portfolio-items\/rampa-acces-platja-sanxenxo-plastic-reciclat\/\" \/>\n<meta property=\"og:locale\" content=\"ca_ES\" \/>\n<meta property=\"og:type\" content=\"article\" \/>\n<meta property=\"og:title\" content=\"Rampa d\u2019acc\u00e9s a la platja de Sanxenxo | Your Plastics\" \/>\n<meta property=\"og:description\" content=\"Rampa d\u2019acc\u00e9s a la platja de Sanxenxo amb taulons estriats de pl\u00e0stic reciclat en el nou color beix i estructura d\u2019acer inoxidable.\" \/>\n<meta property=\"og:url\" content=\"https:\/\/yourplastics.es\/ca\/portfolio-items\/rampa-acces-platja-sanxenxo-plastic-reciclat\/\" \/>\n<meta property=\"og:site_name\" content=\"Yourplastics.es\" \/>\n<meta property=\"article:modified_time\" content=\"2026-09-02T10:49:56+00:00\" \/>\n<meta property=\"og:image\" content=\"https:\/\/yourplastics.es\/wp-content\/uploads\/2026\/09\/pasarela-sanxenxo-plastico-reciclado-color-beige-vista-entrada-zoom3-scaled.jpg\" \/>\n\t<meta property=\"og:image:width\" content=\"2560\" \/>\n\t<meta property=\"og:image:height\" content=\"1920\" \/>\n\t<meta property=\"og:image:type\" content=\"image\/jpeg\" \/>\n<meta name=\"twitter:card\" content=\"summary_large_image\" \/>\n<meta name=\"twitter:label1\" content=\"Temps estimat de lectura\" \/>\n\t<meta name=\"twitter:data1\" content=\"3 minuts\" \/>\n<script type=\"application\/ld+json\" class=\"yoast-schema-graph\">{\"@context\":\"https:\\\/\\\/schema.org\",\"@graph\":[{\"@type\":\"WebPage\",\"@id\":\"https:\\\/\\\/yourplastics.es\\\/ca\\\/portfolio-items\\\/rampa-acces-platja-sanxenxo-plastic-reciclat\\\/\",\"url\":\"https:\\\/\\\/yourplastics.es\\\/ca\\\/portfolio-items\\\/rampa-acces-platja-sanxenxo-plastic-reciclat\\\/\",\"name\":\"Rampa d\u2019acc\u00e9s a la platja de Sanxenxo | Your Plastics\",\"isPartOf\":{\"@id\":\"https:\\\/\\\/yourplastics.es\\\/#website\"},\"primaryImageOfPage\":{\"@id\":\"https:\\\/\\\/yourplastics.es\\\/ca\\\/portfolio-items\\\/rampa-acces-platja-sanxenxo-plastic-reciclat\\\/#primaryimage\"},\"image\":{\"@id\":\"https:\\\/\\\/yourplastics.es\\\/ca\\\/portfolio-items\\\/rampa-acces-platja-sanxenxo-plastic-reciclat\\\/#primaryimage\"},\"thumbnailUrl\":\"https:\\\/\\\/yourplastics.es\\\/wp-content\\\/uploads\\\/2026\\\/09\\\/pasarela-sanxenxo-plastico-reciclado-color-beige-vista-entrada-zoom3-scaled.jpg\",\"datePublished\":\"2026-09-02T09:57:47+00:00\",\"dateModified\":\"2026-09-02T10:49:56+00:00\",\"description\":\"Rampa d\u2019acc\u00e9s a la platja de Sanxenxo amb taulons estriats de pl\u00e0stic reciclat en el nou color beix i estructura d\u2019acer inoxidable.\",\"breadcrumb\":{\"@id\":\"https:\\\/\\\/yourplastics.es\\\/ca\\\/portfolio-items\\\/rampa-acces-platja-sanxenxo-plastic-reciclat\\\/#breadcrumb\"},\"inLanguage\":\"ca\",\"potentialAction\":[{\"@type\":\"ReadAction\",\"target\":[\"https:\\\/\\\/yourplastics.es\\\/ca\\\/portfolio-items\\\/rampa-acces-platja-sanxenxo-plastic-reciclat\\\/\"]}]},{\"@type\":\"ImageObject\",\"inLanguage\":\"ca\",\"@id\":\"https:\\\/\\\/yourplastics.es\\\/ca\\\/portfolio-items\\\/rampa-acces-platja-sanxenxo-plastic-reciclat\\\/#primaryimage\",\"url\":\"https:\\\/\\\/yourplastics.es\\\/wp-content\\\/uploads\\\/2026\\\/09\\\/pasarela-sanxenxo-plastico-reciclado-color-beige-vista-entrada-zoom3-scaled.jpg\",\"contentUrl\":\"https:\\\/\\\/yourplastics.es\\\/wp-content\\\/uploads\\\/2026\\\/09\\\/pasarela-sanxenxo-plastico-reciclado-color-beige-vista-entrada-zoom3-scaled.jpg\",\"width\":2560,\"height\":1920},{\"@type\":\"BreadcrumbList\",\"@id\":\"https:\\\/\\\/yourplastics.es\\\/ca\\\/portfolio-items\\\/rampa-acces-platja-sanxenxo-plastic-reciclat\\\/#breadcrumb\",\"itemListElement\":[{\"@type\":\"ListItem\",\"position\":1,\"name\":\"Home\",\"item\":\"https:\\\/\\\/yourplastics.es\\\/ca\\\/\"},{\"@type\":\"ListItem\",\"position\":2,\"name\":\"Portfolio\",\"item\":\"https:\\\/\\\/yourplastics.es\\\/portfolio-items\\\/\"},{\"@type\":\"ListItem\",\"position\":3,\"name\":\"Rampa d\u2019acc\u00e9s a la platja de Sanxenxo en color beix\"}]},{\"@type\":\"WebSite\",\"@id\":\"https:\\\/\\\/yourplastics.es\\\/#website\",\"url\":\"https:\\\/\\\/yourplastics.es\\\/\",\"name\":\"Yourplastics\",\"description\":\"\",\"publisher\":{\"@id\":\"https:\\\/\\\/yourplastics.es\\\/#organization\"},\"potentialAction\":[{\"@type\":\"SearchAction\",\"target\":{\"@type\":\"EntryPoint\",\"urlTemplate\":\"https:\\\/\\\/yourplastics.es\\\/?s={search_term_string}\"},\"query-input\":{\"@type\":\"PropertyValueSpecification\",\"valueRequired\":true,\"valueName\":\"search_term_string\"}}],\"inLanguage\":\"ca\"},{\"@type\":\"Organization\",\"@id\":\"https:\\\/\\\/yourplastics.es\\\/#organization\",\"name\":\"Yourplastics\",\"url\":\"https:\\\/\\\/yourplastics.es\\\/\",\"logo\":{\"@type\":\"ImageObject\",\"inLanguage\":\"ca\",\"@id\":\"https:\\\/\\\/yourplastics.es\\\/#\\\/schema\\\/logo\\\/image\\\/\",\"url\":\"https:\\\/\\\/yourplastics.es\\\/wp-content\\\/uploads\\\/2024\\\/08\\\/logo2-400x163-1.png\",\"contentUrl\":\"https:\\\/\\\/yourplastics.es\\\/wp-content\\\/uploads\\\/2024\\\/08\\\/logo2-400x163-1.png\",\"width\":400,\"height\":163,\"caption\":\"Yourplastics\"},\"image\":{\"@id\":\"https:\\\/\\\/yourplastics.es\\\/#\\\/schema\\\/logo\\\/image\\\/\"}}]}<\/script>\n<!-- \/ Yoast SEO plugin. -->","yoast_head_json":{"title":"Rampa d\u2019acc\u00e9s a la platja de Sanxenxo | Your Plastics","description":"Rampa d\u2019acc\u00e9s a la platja de Sanxenxo amb taulons estriats de pl\u00e0stic reciclat en el nou color beix i estructura d\u2019acer inoxidable.","robots":{"index":"index","follow":"follow","max-snippet":"max-snippet:-1","max-image-preview":"max-image-preview:large","max-video-preview":"max-video-preview:-1"},"canonical":"https:\/\/yourplastics.es\/ca\/portfolio-items\/rampa-acces-platja-sanxenxo-plastic-reciclat\/","og_locale":"ca_ES","og_type":"article","og_title":"Rampa d\u2019acc\u00e9s a la platja de Sanxenxo | Your Plastics","og_description":"Rampa d\u2019acc\u00e9s a la platja de Sanxenxo amb taulons estriats de pl\u00e0stic reciclat en el nou color beix i estructura d\u2019acer inoxidable.","og_url":"https:\/\/yourplastics.es\/ca\/portfolio-items\/rampa-acces-platja-sanxenxo-plastic-reciclat\/","og_site_name":"Yourplastics.es","article_modified_time":"2026-09-02T10:49:56+00:00","og_image":[{"width":2560,"height":1920,"url":"https:\/\/yourplastics.es\/wp-content\/uploads\/2026\/09\/pasarela-sanxenxo-plastico-reciclado-color-beige-vista-entrada-zoom3-scaled.jpg","type":"image\/jpeg"}],"twitter_card":"summary_large_image","twitter_misc":{"Temps estimat de lectura":"3 minuts"},"schema":{"@context":"https:\/\/schema.org","@graph":[{"@type":"WebPage","@id":"https:\/\/yourplastics.es\/ca\/portfolio-items\/rampa-acces-platja-sanxenxo-plastic-reciclat\/","url":"https:\/\/yourplastics.es\/ca\/portfolio-items\/rampa-acces-platja-sanxenxo-plastic-reciclat\/","name":"Rampa d\u2019acc\u00e9s a la platja de Sanxenxo | Your Plastics","isPartOf":{"@id":"https:\/\/yourplastics.es\/#website"},"primaryImageOfPage":{"@id":"https:\/\/yourplastics.es\/ca\/portfolio-items\/rampa-acces-platja-sanxenxo-plastic-reciclat\/#primaryimage"},"image":{"@id":"https:\/\/yourplastics.es\/ca\/portfolio-items\/rampa-acces-platja-sanxenxo-plastic-reciclat\/#primaryimage"},"thumbnailUrl":"https:\/\/yourplastics.es\/wp-content\/uploads\/2026\/09\/pasarela-sanxenxo-plastico-reciclado-color-beige-vista-entrada-zoom3-scaled.jpg","datePublished":"2026-09-02T09:57:47+00:00","dateModified":"2026-09-02T10:49:56+00:00","description":"Rampa d\u2019acc\u00e9s a la platja de Sanxenxo amb taulons estriats de pl\u00e0stic reciclat en el nou color beix i estructura d\u2019acer inoxidable.","breadcrumb":{"@id":"https:\/\/yourplastics.es\/ca\/portfolio-items\/rampa-acces-platja-sanxenxo-plastic-reciclat\/#breadcrumb"},"inLanguage":"ca","potentialAction":[{"@type":"ReadAction","target":["https:\/\/yourplastics.es\/ca\/portfolio-items\/rampa-acces-platja-sanxenxo-plastic-reciclat\/"]}]},{"@type":"ImageObject","inLanguage":"ca","@id":"https:\/\/yourplastics.es\/ca\/portfolio-items\/rampa-acces-platja-sanxenxo-plastic-reciclat\/#primaryimage","url":"https:\/\/yourplastics.es\/wp-content\/uploads\/2026\/09\/pasarela-sanxenxo-plastico-reciclado-color-beige-vista-entrada-zoom3-scaled.jpg","contentUrl":"https:\/\/yourplastics.es\/wp-content\/uploads\/2026\/09\/pasarela-sanxenxo-plastico-reciclado-color-beige-vista-entrada-zoom3-scaled.jpg","width":2560,"height":1920},{"@type":"BreadcrumbList","@id":"https:\/\/yourplastics.es\/ca\/portfolio-items\/rampa-acces-platja-sanxenxo-plastic-reciclat\/#breadcrumb","itemListElement":[{"@type":"ListItem","position":1,"name":"Home","item":"https:\/\/yourplastics.es\/ca\/"},{"@type":"ListItem","position":2,"name":"Portfolio","item":"https:\/\/yourplastics.es\/portfolio-items\/"},{"@type":"ListItem","position":3,"name":"Rampa d\u2019acc\u00e9s a la platja de Sanxenxo en color beix"}]},{"@type":"WebSite","@id":"https:\/\/yourplastics.es\/#website","url":"https:\/\/yourplastics.es\/","name":"Yourplastics","description":"","publisher":{"@id":"https:\/\/yourplastics.es\/#organization"},"potentialAction":[{"@type":"SearchAction","target":{"@type":"EntryPoint","urlTemplate":"https:\/\/yourplastics.es\/?s={search_term_string}"},"query-input":{"@type":"PropertyValueSpecification","valueRequired":true,"valueName":"search_term_string"}}],"inLanguage":"ca"},{"@type":"Organization","@id":"https:\/\/yourplastics.es\/#organization","name":"Yourplastics","url":"https:\/\/yourplastics.es\/","logo":{"@type":"ImageObject","inLanguage":"ca","@id":"https:\/\/yourplastics.es\/#\/schema\/logo\/image\/","url":"https:\/\/yourplastics.es\/wp-content\/uploads\/2024\/08\/logo2-400x163-1.png","contentUrl":"https:\/\/yourplastics.es\/wp-content\/uploads\/2024\/08\/logo2-400x163-1.png","width":400,"height":163,"caption":"Yourplastics"},"image":{"@id":"https:\/\/yourplastics.es\/#\/schema\/logo\/image\/"}}]}},"_links":{"self":[{"href":"https:\/\/yourplastics.es\/ca\/wp-json\/wp\/v2\/avada_portfolio\/8264","targetHints":{"allow":["GET"]}}],"collection":[{"href":"https:\/\/yourplastics.es\/ca\/wp-json\/wp\/v2\/avada_portfolio"}],"about":[{"href":"https:\/\/yourplastics.es\/ca\/wp-json\/wp\/v2\/types\/avada_portfolio"}],"author":[{"embeddable":true,"href":"https:\/\/yourplastics.es\/ca\/wp-json\/wp\/v2\/users\/1"}],"replies":[{"embeddable":true,"href":"https:\/\/yourplastics.es\/ca\/wp-json\/wp\/v2\/comments?post=8264"}],"version-history":[{"count":7,"href":"https:\/\/yourplastics.es\/ca\/wp-json\/wp\/v2\/avada_portfolio\/8264\/revisions"}],"predecessor-version":[{"id":8289,"href":"https:\/\/yourplastics.es\/ca\/wp-json\/wp\/v2\/avada_portfolio\/8264\/revisions\/8289"}],"wp:featuredmedia":[{"embeddable":true,"href":"https:\/\/yourplastics.es\/ca\/wp-json\/wp\/v2\/media\/8255"}],"wp:attachment":[{"href":"https:\/\/yourplastics.es\/ca\/wp-json\/wp\/v2\/media?parent=8264"}],"wp:term":[{"taxonomy":"portfolio_category","embeddable":true,"href":"https:\/\/yourplastics.es\/ca\/wp-json\/wp\/v2\/portfolio_category?post=8264"},{"taxonomy":"portfolio_skills","embeddable":true,"href":"https:\/\/yourplastics.es\/ca\/wp-json\/wp\/v2\/portfolio_skills?post=8264"},{"taxonomy":"portfolio_tags","embeddable":true,"href":"https:\/\/yourplastics.es\/ca\/wp-json\/wp\/v2\/portfolio_tags?post=8264"}],"curies":[{"name":"wp","href":"https:\/\/api.w.org\/{rel}","templated":true}]}}